{"id":112,"date":"2025-09-08T11:50:35","date_gmt":"2025-09-08T09:50:35","guid":{"rendered":"http:\/\/localhost:8888\/?page_id=112"},"modified":"2026-03-13T11:07:24","modified_gmt":"2026-03-13T10:07:24","slug":"gestaltung-layout","status":"publish","type":"page","link":"https:\/\/druckerei-kempf.de\/index.php\/gestaltung-layout\/","title":{"rendered":"Gestaltung &amp; Layout"},"content":{"rendered":"\t\t<div data-elementor-type=\"wp-page\" data-elementor-id=\"112\" class=\"elementor elementor-112\">\n\t\t\t\t<div class=\"elementor-element elementor-element-77f6e8e e-flex e-con-boxed e-con e-parent\" data-id=\"77f6e8e\" data-element_type=\"container\" data-e-type=\"container\">\n\t\t\t\t\t<div class=\"e-con-inner\">\n\t\t\t\t<div class=\"elementor-element elementor-element-ba9912e elementor-hidden-desktop elementor-hidden-tablet elementor-widget elementor-widget-heading\" data-id=\"ba9912e\" data-element_type=\"widget\" data-e-type=\"widget\" data-widget_type=\"heading.default\">\n\t\t\t\t\t<h2 class=\"elementor-heading-title elementor-size-default\">Medien-\ngestaltung<\/h2>\t\t\t\t<\/div>\n\t\t\t\t<div class=\"elementor-element elementor-element-443c524 elementor-hidden-mobile elementor-widget elementor-widget-heading\" data-id=\"443c524\" data-element_type=\"widget\" data-e-type=\"widget\" data-widget_type=\"heading.default\">\n\t\t\t\t\t<h2 class=\"elementor-heading-title elementor-size-default\">Mediengestaltung<\/h2>\t\t\t\t<\/div>\n\t\t\t\t<div class=\"elementor-element elementor-element-becfd91 elementor-hidden-mobile elementor-widget elementor-widget-heading\" data-id=\"becfd91\" data-element_type=\"widget\" data-e-type=\"widget\" data-widget_type=\"heading.default\">\n\t\t\t\t\t<h2 class=\"elementor-heading-title elementor-size-default\">und Layout<\/h2>\t\t\t\t<\/div>\n\t\t\t\t\t<\/div>\n\t\t\t\t<\/div>\n\t\t<div class=\"elementor-element elementor-element-74fe3e0 e-flex e-con-boxed e-con e-parent\" data-id=\"74fe3e0\" data-element_type=\"container\" data-e-type=\"container\">\n\t\t\t\t\t<div class=\"e-con-inner\">\n\t\t\t\t<div class=\"elementor-element elementor-element-e18477f elementor-hidden-desktop elementor-hidden-tablet elementor-widget elementor-widget-heading\" data-id=\"e18477f\" data-element_type=\"widget\" data-e-type=\"widget\" data-widget_type=\"heading.default\">\n\t\t\t\t\t<h2 class=\"elementor-heading-title elementor-size-default\">und Layout<\/h2>\t\t\t\t<\/div>\n\t\t\t\t\t<\/div>\n\t\t\t\t<\/div>\n\t\t<div class=\"elementor-element elementor-element-a7e8232 e-flex e-con-boxed e-con e-parent\" data-id=\"a7e8232\" data-element_type=\"container\" data-e-type=\"container\">\n\t\t\t\t\t<div class=\"e-con-inner\">\n\t\t<div class=\"elementor-element elementor-element-878b88f e-con-full e-flex e-con e-child\" data-id=\"878b88f\" data-element_type=\"container\" data-e-type=\"container\">\n\t\t\t\t<div class=\"elementor-element elementor-element-78680d1 elementor-widget elementor-widget-text-editor\" data-id=\"78680d1\" data-element_type=\"widget\" data-e-type=\"widget\" data-widget_type=\"text-editor.default\">\n\t\t\t\t\t\t\t\t\t<h4><strong>Gestaltung ist mehr als nur Typografie und Formen \u2013 sie ist ein Zusammenspiel aus Stil, Wahrnehmung und Gef\u00fchl.<\/strong><\/h4>\t\t\t\t\t\t\t\t<\/div>\n\t\t\t\t<div class=\"elementor-element elementor-element-33aa468 elementor-widget elementor-widget-text-editor\" data-id=\"33aa468\" data-element_type=\"widget\" data-e-type=\"widget\" data-widget_type=\"text-editor.default\">\n\t\t\t\t\t\t\t\t\t<p>Deshalb sind wir f\u00fcr Dich da: <br \/>Wir beraten Dich pers\u00f6nlich, h\u00f6ren genau hin und entwickeln gemeinsam Ideen, die zu der gew\u00fcnschten Zielgruppe passen. Unsere Mediengestalter setzen Deine Vorstellungen in neuen Designs um, die nicht nur gut aussehen, sondern auch wirken. Modern, klassisch oder irgendwo dazwischen. Denn Trends entwickeln sich weiter und wir sind immer auf dem neusten Stand!<\/p>\t\t\t\t\t\t\t\t<\/div>\n\t\t\t\t<\/div>\n\t\t<div class=\"elementor-element elementor-element-4e16f36 e-con-full e-flex e-con e-child\" data-id=\"4e16f36\" data-element_type=\"container\" data-e-type=\"container\">\n\t\t\t\t<div class=\"elementor-element elementor-element-5f478bf elementor-invisible elementor-widget elementor-widget-image\" data-id=\"5f478bf\" data-element_type=\"widget\" data-e-type=\"widget\" data-settings=\"{&quot;_animation&quot;:&quot;fadeInRight&quot;}\" data-widget_type=\"image.default\">\n\t\t\t\t\t\t\t\t\t\t\t\t\t\t\t<img fetchpriority=\"high\" decoding=\"async\" data-attachment-id=\"1712\" data-permalink=\"https:\/\/druckerei-kempf.de\/index.php\/gestaltung-layout\/creative-flat-lay-photo-of-workspace-desk-top-view-office-desk\/\" data-orig-file=\"https:\/\/i0.wp.com\/druckerei-kempf.de\/wp-content\/uploads\/2025\/11\/directly-shot-objects-table-scaled.jpg?fit=2560%2C1707&amp;ssl=1\" data-orig-size=\"2560,1707\" data-comments-opened=\"1\" data-image-meta=\"{&quot;aperture&quot;:&quot;8&quot;,&quot;credit&quot;:&quot;&quot;,&quot;camera&quot;:&quot;ILCE-7M3&quot;,&quot;caption&quot;:&quot;Creative flat lay photo of workspace desk. Top view office desk with laptop, coffee cup and open mockup black notebook on pastel green color background. Top view mock up with copy space photography.&quot;,&quot;created_timestamp&quot;:&quot;1625913417&quot;,&quot;copyright&quot;:&quot;&quot;,&quot;focal_length&quot;:&quot;36&quot;,&quot;iso&quot;:&quot;100&quot;,&quot;shutter_speed&quot;:&quot;0.4&quot;,&quot;title&quot;:&quot;Creative flat lay photo of workspace desk. Top view office desk&quot;,&quot;orientation&quot;:&quot;1&quot;}\" data-image-title=\"Creative flat lay photo of workspace desk. Top view office desk\" data-image-description=\"\" data-image-caption=\"&lt;p&gt;Creative flat lay photo of workspace desk. Top view office desk with laptop, coffee cup and open mockup black notebook on pastel green color background. Top view mock up with copy space photography.&lt;\/p&gt;\n\" data-large-file=\"https:\/\/i0.wp.com\/druckerei-kempf.de\/wp-content\/uploads\/2025\/11\/directly-shot-objects-table-scaled.jpg?fit=1024%2C683&amp;ssl=1\" width=\"1024\" height=\"683\" src=\"https:\/\/i0.wp.com\/druckerei-kempf.de\/wp-content\/uploads\/2025\/11\/directly-shot-objects-table-scaled.jpg?fit=1024%2C683&amp;ssl=1\" class=\"attachment-large size-large wp-image-1712\" alt=\"\" srcset=\"https:\/\/i0.wp.com\/druckerei-kempf.de\/wp-content\/uploads\/2025\/11\/directly-shot-objects-table-scaled.jpg?w=2560&amp;ssl=1 2560w, https:\/\/i0.wp.com\/druckerei-kempf.de\/wp-content\/uploads\/2025\/11\/directly-shot-objects-table-scaled.jpg?resize=300%2C200&amp;ssl=1 300w, https:\/\/i0.wp.com\/druckerei-kempf.de\/wp-content\/uploads\/2025\/11\/directly-shot-objects-table-scaled.jpg?resize=1024%2C683&amp;ssl=1 1024w, https:\/\/i0.wp.com\/druckerei-kempf.de\/wp-content\/uploads\/2025\/11\/directly-shot-objects-table-scaled.jpg?resize=768%2C512&amp;ssl=1 768w, https:\/\/i0.wp.com\/druckerei-kempf.de\/wp-content\/uploads\/2025\/11\/directly-shot-objects-table-scaled.jpg?resize=1536%2C1024&amp;ssl=1 1536w, https:\/\/i0.wp.com\/druckerei-kempf.de\/wp-content\/uploads\/2025\/11\/directly-shot-objects-table-scaled.jpg?resize=2048%2C1365&amp;ssl=1 2048w, https:\/\/i0.wp.com\/druckerei-kempf.de\/wp-content\/uploads\/2025\/11\/directly-shot-objects-table-scaled.jpg?w=2400&amp;ssl=1 2400w\" sizes=\"(max-width: 1024px) 100vw, 1024px\" data-attachment-id=\"1712\" data-permalink=\"https:\/\/druckerei-kempf.de\/index.php\/gestaltung-layout\/creative-flat-lay-photo-of-workspace-desk-top-view-office-desk\/\" data-orig-file=\"https:\/\/i0.wp.com\/druckerei-kempf.de\/wp-content\/uploads\/2025\/11\/directly-shot-objects-table-scaled.jpg?fit=2560%2C1707&amp;ssl=1\" data-orig-size=\"2560,1707\" data-comments-opened=\"1\" data-image-meta=\"{&quot;aperture&quot;:&quot;8&quot;,&quot;credit&quot;:&quot;&quot;,&quot;camera&quot;:&quot;ILCE-7M3&quot;,&quot;caption&quot;:&quot;Creative flat lay photo of workspace desk. Top view office desk with laptop, coffee cup and open mockup black notebook on pastel green color background. Top view mock up with copy space photography.&quot;,&quot;created_timestamp&quot;:&quot;1625913417&quot;,&quot;copyright&quot;:&quot;&quot;,&quot;focal_length&quot;:&quot;36&quot;,&quot;iso&quot;:&quot;100&quot;,&quot;shutter_speed&quot;:&quot;0.4&quot;,&quot;title&quot;:&quot;Creative flat lay photo of workspace desk. Top view office desk&quot;,&quot;orientation&quot;:&quot;1&quot;}\" data-image-title=\"Creative flat lay photo of workspace desk. Top view office desk\" data-image-description=\"\" data-image-caption=\"&lt;p&gt;Creative flat lay photo of workspace desk. Top view office desk with laptop, coffee cup and open mockup black notebook on pastel green color background. Top view mock up with copy space photography.&lt;\/p&gt;\n\" data-large-file=\"https:\/\/i0.wp.com\/druckerei-kempf.de\/wp-content\/uploads\/2025\/11\/directly-shot-objects-table-scaled.jpg?fit=1024%2C683&amp;ssl=1\" \/>\t\t\t\t\t\t\t\t\t\t\t\t\t\t\t<\/div>\n\t\t\t\t<\/div>\n\t\t\t\t\t<\/div>\n\t\t\t\t<\/div>\n\t\t<div class=\"elementor-element elementor-element-2607a94 e-flex e-con-boxed e-con e-parent\" data-id=\"2607a94\" data-element_type=\"container\" data-e-type=\"container\">\n\t\t\t\t\t<div class=\"e-con-inner\">\n\t\t\t\t<div class=\"elementor-element elementor-element-9ae73fa elementor-widget elementor-widget-spacer\" data-id=\"9ae73fa\" data-element_type=\"widget\" data-e-type=\"widget\" data-widget_type=\"spacer.default\">\n\t\t\t\t\t\t\t<div class=\"elementor-spacer\">\n\t\t\t<div class=\"elementor-spacer-inner\"><\/div>\n\t\t<\/div>\n\t\t\t\t\t\t<\/div>\n\t\t\t\t\t<\/div>\n\t\t\t\t<\/div>\n\t\t<div class=\"elementor-element elementor-element-7dbf97d e-flex e-con-boxed e-con e-parent\" data-id=\"7dbf97d\" data-element_type=\"container\" data-e-type=\"container\">\n\t\t\t\t\t<div class=\"e-con-inner\">\n\t\t\t\t<div class=\"elementor-element elementor-element-488726c elementor-hidden-desktop elementor-widget elementor-widget-eael-adv-accordion\" data-id=\"488726c\" data-element_type=\"widget\" data-e-type=\"widget\" data-widget_type=\"eael-adv-accordion.default\">\n\t\t\t\t\t            <div class=\"eael-adv-accordion\" id=\"eael-adv-accordion-488726c\" data-scroll-on-click=\"no\" data-scroll-speed=\"300\" data-accordion-id=\"488726c\" data-accordion-type=\"accordion\" data-toogle-speed=\"300\">\n            <div class=\"eael-accordion-list\">\n\t\t\t\t\t<div id=\"wichtige-informationen\" class=\"elementor-tab-title eael-accordion-header\" tabindex=\"0\" data-tab=\"1\" aria-controls=\"elementor-tab-content-7601\"><span class=\"eael-advanced-accordion-icon-closed\"><svg aria-hidden=\"true\" class=\"fa-accordion-icon e-font-icon-svg e-fas-plus\" viewBox=\"0 0 448 512\" xmlns=\"http:\/\/www.w3.org\/2000\/svg\"><path d=\"M416 208H272V64c0-17.67-14.33-32-32-32h-32c-17.67 0-32 14.33-32 32v144H32c-17.67 0-32 14.33-32 32v32c0 17.67 14.33 32 32 32h144v144c0 17.67 14.33 32 32 32h32c17.67 0 32-14.33 32-32V304h144c17.67 0 32-14.33 32-32v-32c0-17.67-14.33-32-32-32z\"><\/path><\/svg><\/span><span class=\"eael-advanced-accordion-icon-opened\"><svg aria-hidden=\"true\" class=\"fa-accordion-icon e-font-icon-svg e-fas-minus\" viewBox=\"0 0 448 512\" xmlns=\"http:\/\/www.w3.org\/2000\/svg\"><path d=\"M416 208H32c-17.67 0-32 14.33-32 32v32c0 17.67 14.33 32 32 32h384c17.67 0 32-14.33 32-32v-32c0-17.67-14.33-32-32-32z\"><\/path><\/svg><\/span><span class=\"eael-accordion-tab-title\">Wichtige Informationen<\/span><svg aria-hidden=\"true\" class=\"fa-toggle e-font-icon-svg e-fas-angle-right\" viewBox=\"0 0 256 512\" xmlns=\"http:\/\/www.w3.org\/2000\/svg\"><path d=\"M224.3 273l-136 136c-9.4 9.4-24.6 9.4-33.9 0l-22.6-22.6c-9.4-9.4-9.4-24.6 0-33.9l96.4-96.4-96.4-96.4c-9.4-9.4-9.4-24.6 0-33.9L54.3 103c9.4-9.4 24.6-9.4 33.9 0l136 136c9.5 9.4 9.5 24.6.1 34z\"><\/path><\/svg><\/div><div id=\"elementor-tab-content-7601\" class=\"eael-accordion-content clearfix\" data-tab=\"1\" aria-labelledby=\"wichtige-informationen\"><p><strong>Design ist immer im Wandel.\u00a0<\/strong><br \/>Es gibt viele Fragen, die sich unsere Kunden wieder und wieder stellen, wenn wir etwas f\u00fcr sie gestalten.\u00a0<br \/>Daher f\u00fcr Dich hier die wichtigsten drei Gegenfragen, die du dir stellen solltest, wenn Du an Dein Design denkst:<\/p><ul><li><strong>F\u00fcr was soll Deine Gestaltung sein?<\/strong> (Thema und Zweck)<\/li><li><strong>Welches Medium m\u00f6chtest Du nutzen?<\/strong> (Flyer, Website, Social Media, Brosch\u00fcre oder Banner? &#8230;)<\/li><li><strong>Wen m\u00f6chtest Du damit ansprechen? <\/strong>(Zielgruppe: Kunden, Privatpersonen, Alter)<\/li><\/ul><\/div>\n\t\t\t\t\t<\/div><div class=\"eael-accordion-list\">\n\t\t\t\t\t<div id=\"unsere-meinung\" class=\"elementor-tab-title eael-accordion-header\" tabindex=\"0\" data-tab=\"2\" aria-controls=\"elementor-tab-content-7602\"><span class=\"eael-advanced-accordion-icon-closed\"><svg aria-hidden=\"true\" class=\"fa-accordion-icon e-font-icon-svg e-fas-plus\" viewBox=\"0 0 448 512\" xmlns=\"http:\/\/www.w3.org\/2000\/svg\"><path d=\"M416 208H272V64c0-17.67-14.33-32-32-32h-32c-17.67 0-32 14.33-32 32v144H32c-17.67 0-32 14.33-32 32v32c0 17.67 14.33 32 32 32h144v144c0 17.67 14.33 32 32 32h32c17.67 0 32-14.33 32-32V304h144c17.67 0 32-14.33 32-32v-32c0-17.67-14.33-32-32-32z\"><\/path><\/svg><\/span><span class=\"eael-advanced-accordion-icon-opened\"><svg aria-hidden=\"true\" class=\"fa-accordion-icon e-font-icon-svg e-fas-minus\" viewBox=\"0 0 448 512\" xmlns=\"http:\/\/www.w3.org\/2000\/svg\"><path d=\"M416 208H32c-17.67 0-32 14.33-32 32v32c0 17.67 14.33 32 32 32h384c17.67 0 32-14.33 32-32v-32c0-17.67-14.33-32-32-32z\"><\/path><\/svg><\/span><span class=\"eael-accordion-tab-title\">Unsere Meinung<\/span><svg aria-hidden=\"true\" class=\"fa-toggle e-font-icon-svg e-fas-angle-right\" viewBox=\"0 0 256 512\" xmlns=\"http:\/\/www.w3.org\/2000\/svg\"><path d=\"M224.3 273l-136 136c-9.4 9.4-24.6 9.4-33.9 0l-22.6-22.6c-9.4-9.4-9.4-24.6 0-33.9l96.4-96.4-96.4-96.4c-9.4-9.4-9.4-24.6 0-33.9L54.3 103c9.4-9.4 24.6-9.4 33.9 0l136 136c9.5 9.4 9.5 24.6.1 34z\"><\/path><\/svg><\/div><div id=\"elementor-tab-content-7602\" class=\"eael-accordion-content clearfix\" data-tab=\"2\" aria-labelledby=\"unsere-meinung\"><p><strong>Design ist vielf\u00e4ltig, so wie unsere Mediengestalter.\u00a0<\/strong><\/p><p>Deshalb ist es an uns, Deinen Wunsch, mit unserer Vielf\u00e4ltigkeit umzusetzen und das mit Stil.<\/p><p>Ein gutes Layout ist nicht nur h\u00fcbsch, sondern f\u00fchrt den Betrachter gezielt durch die Inhalte. Damit es funktioniert, achten wir auf klare Strukturen, passende Farben und Schriften, sowie die richtige Bildqualit\u00e4t. Au\u00dferdem stimmen wir das Design auf Dein Medium ab: Flyer, Website oder Fahrzeugbeschriftung?Kein Problem, wir finden einen Weg zum Ziel!<\/p><\/div>\n\t\t\t\t\t<\/div><\/div>\t\t\t\t<\/div>\n\t\t\t\t\t<\/div>\n\t\t\t\t<\/div>\n\t\t<div class=\"elementor-element elementor-element-c5e5870 e-flex e-con-boxed e-con e-parent\" data-id=\"c5e5870\" data-element_type=\"container\" data-e-type=\"container\">\n\t\t\t\t\t<div class=\"e-con-inner\">\n\t\t\t\t<div class=\"elementor-element elementor-element-8f4dc04 elementor-hidden-tablet elementor-hidden-mobile elementor-widget elementor-widget-eael-adv-tabs\" data-id=\"8f4dc04\" data-element_type=\"widget\" data-e-type=\"widget\" data-widget_type=\"eael-adv-tabs.default\">\n\t\t\t\t\t        <div data-scroll-on-click=\"no\" data-scroll-speed=\"300\" id=\"eael-advance-tabs-8f4dc04\" class=\"eael-advance-tabs eael-tabs-horizontal eael-tab-auto-active \" data-tabid=\"8f4dc04\">\n            <div class=\"eael-tabs-nav \">\n                <ul class=\"eael-tab-inline-icon\" role=\"tablist\">\n                                            <li id=\"wichtige-informationen\" class=\"inactive eael-tab-item-trigger eael-tab-nav-item\" aria-selected=\"true\" data-tab=\"1\" role=\"tab\" tabindex=\"0\" aria-controls=\"wichtige-informationen-tab\" aria-expanded=\"false\">\n                            \n                                                                                                                            \n                                                            <span class=\"eael-tab-title title-after-icon\" >Wichtige Informationen<\/span>                            \n                                                    <\/li>\n                                            <li id=\"unsere-meinung\" class=\"inactive eael-tab-item-trigger eael-tab-nav-item\" aria-selected=\"false\" data-tab=\"2\" role=\"tab\" tabindex=\"-1\" aria-controls=\"unsere-meinung-tab\" aria-expanded=\"false\">\n                            \n                                                                                                                            \n                                                            <span class=\"eael-tab-title title-after-icon\" >Unsere Meinung<\/span>                            \n                                                    <\/li>\n                    \n                                  <\/ul>\n            <\/div>\n            \n            <div class=\"eael-tabs-content\">\n\t\t        \n                    <div id=\"wichtige-informationen-tab\" class=\"clearfix eael-tab-content-item inactive\" data-title-link=\"wichtige-informationen-tab\">\n\t\t\t\t        <p><strong>Design ist immer im Wandel.\u00a0<\/strong><br \/>Es gibt viele Fragen, die sich unsere Kunden wieder und wieder stellen, wenn wir etwas f\u00fcr sie gestalten.\u00a0<br \/>Daher f\u00fcr Dich hier die wichtigsten drei Gegenfragen, die du dir stellen solltest, wenn Du an Dein Design denkst:<\/p><ul><li><strong>F\u00fcr was soll Deine Gestaltung sein?<\/strong> (Thema und Zweck)<\/li><li><strong>Welches Medium m\u00f6chtest Du nutzen?<\/strong> (Flyer, Website, Social Media, Brosch\u00fcre oder Banner? &#8230;)<\/li><li><strong>Wen m\u00f6chtest Du damit ansprechen? <\/strong>(Zielgruppe: Kunden, Privatpersonen, Alter)<\/li><\/ul>                    <\/div>\n\t\t        \n                    <div id=\"unsere-meinung-tab\" class=\"clearfix eael-tab-content-item inactive\" data-title-link=\"unsere-meinung-tab\">\n\t\t\t\t        <p><strong>Design ist vielf\u00e4ltig, so wie unsere Mediengestalter.\u00a0<\/strong><\/p><p>Deshalb ist es an uns, Deinen Wunsch, mit unserer Vielf\u00e4ltigkeit umzusetzen und das mit Stil.<\/p><p>Ein gutes Layout ist nicht nur h\u00fcbsch, sondern f\u00fchrt den Betrachter gezielt durch die Inhalte. Damit es funktioniert, achten wir auf klare Strukturen, passende Farben und Schriften, sowie die richtige Bildqualit\u00e4t. Au\u00dferdem stimmen wir das Design auf Dein Medium ab: Flyer, Website oder Fahrzeugbeschriftung?Kein Problem, wir finden einen Weg zum Ziel!<\/p>                    <\/div>\n\t\t                    <\/div>\n        <\/div>\n\t\t\t\t<\/div>\n\t\t\t\t\t<\/div>\n\t\t\t\t<\/div>\n\t\t<div class=\"elementor-element elementor-element-9c77b19 e-flex e-con-boxed e-con e-parent\" data-id=\"9c77b19\" data-element_type=\"container\" data-e-type=\"container\">\n\t\t\t\t\t<div class=\"e-con-inner\">\n\t\t\t\t<div class=\"elementor-element elementor-element-9f51d71 elementor-widget elementor-widget-spacer\" data-id=\"9f51d71\" data-element_type=\"widget\" data-e-type=\"widget\" data-widget_type=\"spacer.default\">\n\t\t\t\t\t\t\t<div class=\"elementor-spacer\">\n\t\t\t<div class=\"elementor-spacer-inner\"><\/div>\n\t\t<\/div>\n\t\t\t\t\t\t<\/div>\n\t\t\t\t\t<\/div>\n\t\t\t\t<\/div>\n\t\t<div class=\"elementor-element elementor-element-8b4ed3b e-flex e-con-boxed e-con e-parent\" data-id=\"8b4ed3b\" data-element_type=\"container\" data-e-type=\"container\">\n\t\t\t\t\t<div class=\"e-con-inner\">\n\t\t<div class=\"elementor-element elementor-element-bb43eee e-con-full e-flex e-con e-child\" data-id=\"bb43eee\" data-element_type=\"container\" data-e-type=\"container\">\n\t\t\t\t<div class=\"elementor-element elementor-element-2994e3f elementor-invisible elementor-widget elementor-widget-image\" data-id=\"2994e3f\" data-element_type=\"widget\" data-e-type=\"widget\" data-settings=\"{&quot;_animation&quot;:&quot;fadeInLeft&quot;}\" data-widget_type=\"image.default\">\n\t\t\t\t\t\t\t\t\t\t\t\t\t\t\t<img decoding=\"async\" data-attachment-id=\"1713\" data-permalink=\"https:\/\/druckerei-kempf.de\/index.php\/gestaltung-layout\/farben\/\" data-orig-file=\"https:\/\/i0.wp.com\/druckerei-kempf.de\/wp-content\/uploads\/2025\/11\/Farben-scaled.jpg?fit=2560%2C1732&amp;ssl=1\" data-orig-size=\"2560,1732\" data-comments-opened=\"1\" data-image-meta=\"{&quot;aperture&quot;:&quot;2&quot;,&quot;credit&quot;:&quot;MAZKO VADIM&quot;,&quot;camera&quot;:&quot;NIKON Z 5&quot;,&quot;caption&quot;:&quot;&quot;,&quot;created_timestamp&quot;:&quot;1683724912&quot;,&quot;copyright&quot;:&quot;mazkovadim.com&quot;,&quot;focal_length&quot;:&quot;50&quot;,&quot;iso&quot;:&quot;1250&quot;,&quot;shutter_speed&quot;:&quot;0.0015625&quot;,&quot;title&quot;:&quot;&quot;,&quot;orientation&quot;:&quot;1&quot;}\" data-image-title=\"Farben\" data-image-description=\"\" data-image-caption=\"\" data-large-file=\"https:\/\/i0.wp.com\/druckerei-kempf.de\/wp-content\/uploads\/2025\/11\/Farben-scaled.jpg?fit=1024%2C693&amp;ssl=1\" width=\"1024\" height=\"693\" src=\"https:\/\/i0.wp.com\/druckerei-kempf.de\/wp-content\/uploads\/2025\/11\/Farben-scaled.jpg?fit=1024%2C693&amp;ssl=1\" class=\"attachment-large size-large wp-image-1713\" alt=\"\" srcset=\"https:\/\/i0.wp.com\/druckerei-kempf.de\/wp-content\/uploads\/2025\/11\/Farben-scaled.jpg?w=2560&amp;ssl=1 2560w, https:\/\/i0.wp.com\/druckerei-kempf.de\/wp-content\/uploads\/2025\/11\/Farben-scaled.jpg?resize=300%2C203&amp;ssl=1 300w, https:\/\/i0.wp.com\/druckerei-kempf.de\/wp-content\/uploads\/2025\/11\/Farben-scaled.jpg?resize=1024%2C693&amp;ssl=1 1024w, https:\/\/i0.wp.com\/druckerei-kempf.de\/wp-content\/uploads\/2025\/11\/Farben-scaled.jpg?resize=768%2C520&amp;ssl=1 768w, https:\/\/i0.wp.com\/druckerei-kempf.de\/wp-content\/uploads\/2025\/11\/Farben-scaled.jpg?resize=1536%2C1039&amp;ssl=1 1536w, https:\/\/i0.wp.com\/druckerei-kempf.de\/wp-content\/uploads\/2025\/11\/Farben-scaled.jpg?resize=2048%2C1386&amp;ssl=1 2048w, https:\/\/i0.wp.com\/druckerei-kempf.de\/wp-content\/uploads\/2025\/11\/Farben-scaled.jpg?w=2400&amp;ssl=1 2400w\" sizes=\"(max-width: 1024px) 100vw, 1024px\" data-attachment-id=\"1713\" data-permalink=\"https:\/\/druckerei-kempf.de\/index.php\/gestaltung-layout\/farben\/\" data-orig-file=\"https:\/\/i0.wp.com\/druckerei-kempf.de\/wp-content\/uploads\/2025\/11\/Farben-scaled.jpg?fit=2560%2C1732&amp;ssl=1\" data-orig-size=\"2560,1732\" data-comments-opened=\"1\" data-image-meta=\"{&quot;aperture&quot;:&quot;2&quot;,&quot;credit&quot;:&quot;MAZKO VADIM&quot;,&quot;camera&quot;:&quot;NIKON Z 5&quot;,&quot;caption&quot;:&quot;&quot;,&quot;created_timestamp&quot;:&quot;1683724912&quot;,&quot;copyright&quot;:&quot;mazkovadim.com&quot;,&quot;focal_length&quot;:&quot;50&quot;,&quot;iso&quot;:&quot;1250&quot;,&quot;shutter_speed&quot;:&quot;0.0015625&quot;,&quot;title&quot;:&quot;&quot;,&quot;orientation&quot;:&quot;1&quot;}\" data-image-title=\"Farben\" data-image-description=\"\" data-image-caption=\"\" data-large-file=\"https:\/\/i0.wp.com\/druckerei-kempf.de\/wp-content\/uploads\/2025\/11\/Farben-scaled.jpg?fit=1024%2C693&amp;ssl=1\" \/>\t\t\t\t\t\t\t\t\t\t\t\t\t\t\t<\/div>\n\t\t\t\t<\/div>\n\t\t<div class=\"elementor-element elementor-element-488cb55 e-con-full e-flex e-con e-child\" data-id=\"488cb55\" data-element_type=\"container\" data-e-type=\"container\">\n\t\t\t\t<div class=\"elementor-element elementor-element-a7beea0 elementor-widget elementor-widget-text-editor\" data-id=\"a7beea0\" data-element_type=\"widget\" data-e-type=\"widget\" data-widget_type=\"text-editor.default\">\n\t\t\t\t\t\t\t\t\t<p>Egal ob jung-dynamisch oder zeitlos-elegant: Wir stimmen uns auf Dich ein und zeigen mit viel Feingef\u00fchl, dass auch kleine Designaufgaben mit Liebe zum Detail und hoher Qualit\u00e4t umgesetzt werden k\u00f6nnen. Denn Gestaltung ist f\u00fcr uns nicht einfach das Platzieren von Elementen, sondern das Erz\u00e4hlen einer Geschichte, die ins Auge f\u00e4llt und im Kopf bleibt.\u00a0<\/p><p><strong>Wir sind \u00fcberzeugt:<\/strong><\/p><h4>Gute Gestaltung entsteht im Dialog und genau daf\u00fcr <br \/>nehmen wir uns die Zeit.<\/h4>\t\t\t\t\t\t\t\t<\/div>\n\t\t\t\t<\/div>\n\t\t\t\t\t<\/div>\n\t\t\t\t<\/div>\n\t\t\t\t<\/div>\n\t\t","protected":false},"excerpt":{"rendered":"<p>Medien- gestaltung Mediengestaltung und Layout und Layout Gestaltung ist mehr als nur Typografie und Formen \u2013 sie ist ein Zusammenspiel aus Stil, Wahrnehmung und Gef\u00fchl. Deshalb sind wir f\u00fcr Dich da: Wir beraten Dich pers\u00f6nlich, h\u00f6ren genau hin und entwickeln gemeinsam Ideen, die zu der gew\u00fcnschten Zielgruppe passen. Unsere Mediengestalter setzen Deine Vorstellungen in neuen [&hellip;]<\/p>\n","protected":false},"author":1,"featured_media":0,"parent":0,"menu_order":0,"comment_status":"closed","ping_status":"closed","template":"","meta":{"_eb_attr":"","om_disable_all_campaigns":false,"_monsterinsights_skip_tracking":false,"_monsterinsights_sitenote_active":false,"_monsterinsights_sitenote_note":"","_monsterinsights_sitenote_category":0,"ocean_post_layout":"","ocean_both_sidebars_style":"","ocean_both_sidebars_content_width":0,"ocean_both_sidebars_sidebars_width":0,"ocean_sidebar":"","ocean_second_sidebar":"","ocean_disable_margins":"enable","ocean_add_body_class":"","ocean_shortcode_before_top_bar":"","ocean_shortcode_after_top_bar":"","ocean_shortcode_before_header":"","ocean_shortcode_after_header":"","ocean_has_shortcode":"","ocean_shortcode_after_title":"","ocean_shortcode_before_footer_widgets":"","ocean_shortcode_after_footer_widgets":"","ocean_shortcode_before_footer_bottom":"","ocean_shortcode_after_footer_bottom":"","ocean_display_top_bar":"default","ocean_display_header":"default","ocean_header_style":"","ocean_center_header_left_menu":"","ocean_custom_header_template":"","ocean_custom_logo":0,"ocean_custom_retina_logo":0,"ocean_custom_logo_max_width":0,"ocean_custom_logo_tablet_max_width":0,"ocean_custom_logo_mobile_max_width":0,"ocean_custom_logo_max_height":0,"ocean_custom_logo_tablet_max_height":0,"ocean_custom_logo_mobile_max_height":0,"ocean_header_custom_menu":"","ocean_menu_typo_font_family":"","ocean_menu_typo_font_subset":"","ocean_menu_typo_font_size":0,"ocean_menu_typo_font_size_tablet":0,"ocean_menu_typo_font_size_mobile":0,"ocean_menu_typo_font_size_unit":"px","ocean_menu_typo_font_weight":"","ocean_menu_typo_font_weight_tablet":"","ocean_menu_typo_font_weight_mobile":"","ocean_menu_typo_transform":"","ocean_menu_typo_transform_tablet":"","ocean_menu_typo_transform_mobile":"","ocean_menu_typo_line_height":0,"ocean_menu_typo_line_height_tablet":0,"ocean_menu_typo_line_height_mobile":0,"ocean_menu_typo_line_height_unit":"","ocean_menu_typo_spacing":0,"ocean_menu_typo_spacing_tablet":0,"ocean_menu_typo_spacing_mobile":0,"ocean_menu_typo_spacing_unit":"","ocean_menu_link_color":"","ocean_menu_link_color_hover":"","ocean_menu_link_color_active":"","ocean_menu_link_background":"","ocean_menu_link_hover_background":"","ocean_menu_link_active_background":"","ocean_menu_social_links_bg":"","ocean_menu_social_hover_links_bg":"","ocean_menu_social_links_color":"","ocean_menu_social_hover_links_color":"","ocean_disable_title":"default","ocean_disable_heading":"default","ocean_post_title":"","ocean_post_subheading":"","ocean_post_title_style":"","ocean_post_title_background_color":"","ocean_post_title_background":0,"ocean_post_title_bg_image_position":"","ocean_post_title_bg_image_attachment":"","ocean_post_title_bg_image_repeat":"","ocean_post_title_bg_image_size":"","ocean_post_title_height":0,"ocean_post_title_bg_overlay":0.5,"ocean_post_title_bg_overlay_color":"","ocean_disable_breadcrumbs":"default","ocean_breadcrumbs_color":"","ocean_breadcrumbs_separator_color":"","ocean_breadcrumbs_links_color":"","ocean_breadcrumbs_links_hover_color":"","ocean_display_footer_widgets":"default","ocean_display_footer_bottom":"default","ocean_custom_footer_template":"","footnotes":""},"class_list":["post-112","page","type-page","status-publish","hentry","entry"],"aioseo_notices":[],"jetpack_sharing_enabled":true,"_links":{"self":[{"href":"https:\/\/druckerei-kempf.de\/index.php\/wp-json\/wp\/v2\/pages\/112","targetHints":{"allow":["GET"]}}],"collection":[{"href":"https:\/\/druckerei-kempf.de\/index.php\/wp-json\/wp\/v2\/pages"}],"about":[{"href":"https:\/\/druckerei-kempf.de\/index.php\/wp-json\/wp\/v2\/types\/page"}],"author":[{"embeddable":true,"href":"https:\/\/druckerei-kempf.de\/index.php\/wp-json\/wp\/v2\/users\/1"}],"replies":[{"embeddable":true,"href":"https:\/\/druckerei-kempf.de\/index.php\/wp-json\/wp\/v2\/comments?post=112"}],"version-history":[{"count":19,"href":"https:\/\/druckerei-kempf.de\/index.php\/wp-json\/wp\/v2\/pages\/112\/revisions"}],"predecessor-version":[{"id":2797,"href":"https:\/\/druckerei-kempf.de\/index.php\/wp-json\/wp\/v2\/pages\/112\/revisions\/2797"}],"wp:attachment":[{"href":"https:\/\/druckerei-kempf.de\/index.php\/wp-json\/wp\/v2\/media?parent=112"}],"curies":[{"name":"wp","href":"https:\/\/api.w.org\/{rel}","templated":true}]}}