{"id":35,"date":"2025-09-08T11:11:23","date_gmt":"2025-09-08T09:11:23","guid":{"rendered":"http:\/\/localhost:8888\/?page_id=35"},"modified":"2026-03-25T09:21:17","modified_gmt":"2026-03-25T08:21:17","slug":"impressum","status":"publish","type":"page","link":"https:\/\/druckerei-kempf.de\/index.php\/impressum\/","title":{"rendered":"Impressum"},"content":{"rendered":"\t\t<div data-elementor-type=\"wp-page\" data-elementor-id=\"35\" class=\"elementor elementor-35\">\n\t\t\t\t<div class=\"elementor-element elementor-element-1e9d891 e-flex e-con-boxed e-con e-parent\" data-id=\"1e9d891\" data-element_type=\"container\" data-e-type=\"container\">\n\t\t\t\t\t<div class=\"e-con-inner\">\n\t\t\t\t<div class=\"elementor-element elementor-element-59e9cd5 elementor-widget elementor-widget-heading\" data-id=\"59e9cd5\" data-element_type=\"widget\" data-e-type=\"widget\" data-widget_type=\"heading.default\">\n\t\t\t\t\t<h2 class=\"elementor-heading-title elementor-size-default\">Impressum<\/h2>\t\t\t\t<\/div>\n\t\t\t\t\t<\/div>\n\t\t\t\t<\/div>\n\t\t<div class=\"elementor-element elementor-element-f47a55b e-flex e-con-boxed e-con e-parent\" data-id=\"f47a55b\" data-element_type=\"container\" data-e-type=\"container\">\n\t\t\t\t\t<div class=\"e-con-inner\">\n\t\t\t\t<div class=\"elementor-element elementor-element-ea80cbe elementor-widget elementor-widget-text-editor\" data-id=\"ea80cbe\" data-element_type=\"widget\" data-e-type=\"widget\" data-widget_type=\"text-editor.default\">\n\t\t\t\t\t\t\t\t\t<h4>Angaben gem\u00e4\u00df \u00a7 5 TMG:<\/h4><hr \/><div>Druckerei Kempf GmbH<br \/>Am K\u00fcppel 1<br \/>36115 Hilders\/Simmershausen<br \/>Deutschland<\/div><p>Gesch\u00e4ftsf\u00fchrer: J\u00fcrgen Kempf &amp; Marcus Kempf<\/p><h4>Kontakt:<\/h4><table><tbody><tr><td>Telefon:<\/td><td>06681 &#8211; 8255<\/td><\/tr><tr><td>Telefax:<\/td><td>06681 &#8211; 8259<\/td><\/tr><tr><td>E-Mail:<\/td><td><span \n                data-original-string='LpLawsS7YPzctqSGnHuXXA==5f3ziNsL5k\/0fbV1BIOvAFfUv0CAXOrJQhr6\/TEYhVlTOI='\n                class='apbct-email-encoder'\n                title='Dieser Kontakt wurde von Anti-Spam by CleanTalk verschl\u00fcsselt. Klicken Sie hier, um ihn zu entschl\u00fcsseln. Um die Entschl\u00fcsselung abzuschlie\u00dfen, stellen Sie sicher, dass JavaScript in Ihrem Browser aktiviert ist.'>ma<span class=\"apbct-blur\">**<\/span>@<span class=\"apbct-blur\">*************<\/span>pf.de<\/span><\/td><\/tr><\/tbody><\/table><h4>Registergericht:<\/h4><p>Fulda<\/p><h4>Registernummer:<\/h4><p>HRB 7077<\/p><h4>Umsatzsteuer-Identifikationsnummer:\u00a0<\/h4><p>DE 312 181 032<\/p><h4>Inhaltlich Verantwortliche gem\u00e4\u00df \u00a7 18 Abs. 2 MStV:<\/h4><p><span id=\"s3-t-ansprechpartner\">J\u00fcrgen Kempf<\/span><\/p><p>Wir sind zur Teilnahme an einem Streitbeilegungsverfahren vor einer Verbraucherschlichtungsstelle weder verpflichtet noch bereit.<\/p>\t\t\t\t\t\t\t\t<\/div>\n\t\t\t\t\t<\/div>\n\t\t\t\t<\/div>\n\t\t<div class=\"elementor-element elementor-element-0dc016e e-flex e-con-boxed e-con e-parent\" data-id=\"0dc016e\" data-element_type=\"container\" data-e-type=\"container\">\n\t\t\t\t\t<div class=\"e-con-inner\">\n\t\t\t\t<div class=\"elementor-element elementor-element-804390e elementor-widget elementor-widget-text-editor\" data-id=\"804390e\" data-element_type=\"widget\" data-e-type=\"widget\" data-widget_type=\"text-editor.default\">\n\t\t\t\t\t\t\t\t\t<p><strong>Urheberrecht:<\/strong><\/p><p>Alle Inhalte dieser Website \u2013 Texte, Bilder, Grafiken und Designs \u2013 sind urheberrechtlich gesch\u00fctzt und Eigentum der Druckerei Kempf GmbH oder der jeweiligen Rechteinhaber. Eine Nutzung ist nur mit ausdr\u00fccklicher schriftlicher Genehmigung gestattet. Bei Hinweisen auf Urheberrechtsverletzungen bitten wir um eine direkte Kontaktaufnahme.<\/p><p><strong>Bildnachweise:<br \/><\/strong> <br \/>Eigene Fotografien und Grafiken der Druckerei Kempf sowie lizenzierte Stockmaterialien von Adobe Stock \/ Freepik \/ Unsplash. Bildbearbeitung, Mockups und grafische Aufbereitung: Mariam Schanze, Druckerei Kempf<\/p><p><a title=\"zur Datenschutzerkl\u00e4rung\" href=\"https:\/\/druckerei-kempf.de\/index.php\/datenschutz\/\">zur Datenschutzerkl\u00e4rung<\/a><\/p>\t\t\t\t\t\t\t\t<\/div>\n\t\t\t\t\t<\/div>\n\t\t\t\t<\/div>\n\t\t<div class=\"elementor-element elementor-element-69d8fd2 e-flex e-con-boxed e-con e-parent\" data-id=\"69d8fd2\" data-element_type=\"container\" data-e-type=\"container\">\n\t\t\t\t\t<div class=\"e-con-inner\">\n\t\t\t\t<div class=\"elementor-element elementor-element-d415391 elementor-widget elementor-widget-text-editor\" data-id=\"d415391\" data-element_type=\"widget\" data-e-type=\"widget\" data-widget_type=\"text-editor.default\">\n\t\t\t\t\t\t\t\t\t<p><strong>Webdesign, Konzeption &amp; Inhalte:<br \/><\/strong> Erstellt durch Mariam Schanze, <br \/>Auszubildende Mediengestalterin Digital und Print, Druckerei Kempf.<\/p>\t\t\t\t\t\t\t\t<\/div>\n\t\t\t\t\t<\/div>\n\t\t\t\t<\/div>\n\t\t\t\t<\/div>\n\t\t","protected":false},"excerpt":{"rendered":"<p>Impressum Angaben gem\u00e4\u00df \u00a7 5 TMG: Druckerei Kempf GmbHAm K\u00fcppel 136115 Hilders\/SimmershausenDeutschland Gesch\u00e4ftsf\u00fchrer: J\u00fcrgen Kempf &amp; Marcus Kempf Kontakt: Telefon: 06681 &#8211; 8255 Telefax: 06681 &#8211; 8259 E-Mail: ma**@*************pf.de Registergericht: Fulda Registernummer: HRB 7077 Umsatzsteuer-Identifikationsnummer:\u00a0 DE 312 181 032 Inhaltlich Verantwortliche gem\u00e4\u00df \u00a7 18 Abs. 2 MStV: J\u00fcrgen Kempf Wir sind zur Teilnahme an einem [&hellip;]<\/p>\n","protected":false},"author":1,"featured_media":0,"parent":0,"menu_order":0,"comment_status":"closed","ping_status":"closed","template":"","meta":{"_eb_attr":"","om_disable_all_campaigns":false,"_monsterinsights_skip_tracking":false,"_monsterinsights_sitenote_active":false,"_monsterinsights_sitenote_note":"","_monsterinsights_sitenote_category":0,"ocean_post_layout":"","ocean_both_sidebars_style":"","ocean_both_sidebars_content_width":0,"ocean_both_sidebars_sidebars_width":0,"ocean_sidebar":"","ocean_second_sidebar":"","ocean_disable_margins":"enable","ocean_add_body_class":"","ocean_shortcode_before_top_bar":"","ocean_shortcode_after_top_bar":"","ocean_shortcode_before_header":"","ocean_shortcode_after_header":"","ocean_has_shortcode":"","ocean_shortcode_after_title":"","ocean_shortcode_before_footer_widgets":"","ocean_shortcode_after_footer_widgets":"","ocean_shortcode_before_footer_bottom":"","ocean_shortcode_after_footer_bottom":"","ocean_display_top_bar":"default","ocean_display_header":"default","ocean_header_style":"","ocean_center_header_left_menu":"","ocean_custom_header_template":"","ocean_custom_logo":0,"ocean_custom_retina_logo":0,"ocean_custom_logo_max_width":0,"ocean_custom_logo_tablet_max_width":0,"ocean_custom_logo_mobile_max_width":0,"ocean_custom_logo_max_height":0,"ocean_custom_logo_tablet_max_height":0,"ocean_custom_logo_mobile_max_height":0,"ocean_header_custom_menu":"","ocean_menu_typo_font_family":"","ocean_menu_typo_font_subset":"","ocean_menu_typo_font_size":0,"ocean_menu_typo_font_size_tablet":0,"ocean_menu_typo_font_size_mobile":0,"ocean_menu_typo_font_size_unit":"px","ocean_menu_typo_font_weight":"","ocean_menu_typo_font_weight_tablet":"","ocean_menu_typo_font_weight_mobile":"","ocean_menu_typo_transform":"","ocean_menu_typo_transform_tablet":"","ocean_menu_typo_transform_mobile":"","ocean_menu_typo_line_height":0,"ocean_menu_typo_line_height_tablet":0,"ocean_menu_typo_line_height_mobile":0,"ocean_menu_typo_line_height_unit":"","ocean_menu_typo_spacing":0,"ocean_menu_typo_spacing_tablet":0,"ocean_menu_typo_spacing_mobile":0,"ocean_menu_typo_spacing_unit":"","ocean_menu_link_color":"","ocean_menu_link_color_hover":"","ocean_menu_link_color_active":"","ocean_menu_link_background":"","ocean_menu_link_hover_background":"","ocean_menu_link_active_background":"","ocean_menu_social_links_bg":"","ocean_menu_social_hover_links_bg":"","ocean_menu_social_links_color":"","ocean_menu_social_hover_links_color":"","ocean_disable_title":"default","ocean_disable_heading":"default","ocean_post_title":"","ocean_post_subheading":"","ocean_post_title_style":"","ocean_post_title_background_color":"","ocean_post_title_background":0,"ocean_post_title_bg_image_position":"","ocean_post_title_bg_image_attachment":"","ocean_post_title_bg_image_repeat":"","ocean_post_title_bg_image_size":"","ocean_post_title_height":0,"ocean_post_title_bg_overlay":0.5,"ocean_post_title_bg_overlay_color":"","ocean_disable_breadcrumbs":"default","ocean_breadcrumbs_color":"","ocean_breadcrumbs_separator_color":"","ocean_breadcrumbs_links_color":"","ocean_breadcrumbs_links_hover_color":"","ocean_display_footer_widgets":"default","ocean_display_footer_bottom":"default","ocean_custom_footer_template":"","footnotes":""},"class_list":["post-35","page","type-page","status-publish","hentry","entry"],"aioseo_notices":[],"jetpack_sharing_enabled":true,"_links":{"self":[{"href":"https:\/\/druckerei-kempf.de\/index.php\/wp-json\/wp\/v2\/pages\/35","targetHints":{"allow":["GET"]}}],"collection":[{"href":"https:\/\/druckerei-kempf.de\/index.php\/wp-json\/wp\/v2\/pages"}],"about":[{"href":"https:\/\/druckerei-kempf.de\/index.php\/wp-json\/wp\/v2\/types\/page"}],"author":[{"embeddable":true,"href":"https:\/\/druckerei-kempf.de\/index.php\/wp-json\/wp\/v2\/users\/1"}],"replies":[{"embeddable":true,"href":"https:\/\/druckerei-kempf.de\/index.php\/wp-json\/wp\/v2\/comments?post=35"}],"version-history":[{"count":33,"href":"https:\/\/druckerei-kempf.de\/index.php\/wp-json\/wp\/v2\/pages\/35\/revisions"}],"predecessor-version":[{"id":3136,"href":"https:\/\/druckerei-kempf.de\/index.php\/wp-json\/wp\/v2\/pages\/35\/revisions\/3136"}],"wp:attachment":[{"href":"https:\/\/druckerei-kempf.de\/index.php\/wp-json\/wp\/v2\/media?parent=35"}],"curies":[{"name":"wp","href":"https:\/\/api.w.org\/{rel}","templated":true}]}}