{"id":75,"date":"2025-09-08T11:36:07","date_gmt":"2025-09-08T09:36:07","guid":{"rendered":"http:\/\/localhost:8888\/?page_id=75"},"modified":"2026-03-16T08:29:43","modified_gmt":"2026-03-16T07:29:43","slug":"unternehmen","status":"publish","type":"page","link":"https:\/\/druckerei-kempf.de\/index.php\/unternehmen\/","title":{"rendered":"Unternehmen"},"content":{"rendered":"\t\t<div data-elementor-type=\"wp-page\" data-elementor-id=\"75\" class=\"elementor elementor-75\">\n\t\t\t\t<div class=\"elementor-element elementor-element-e97867c e-flex e-con-boxed e-con e-parent\" data-id=\"e97867c\" data-element_type=\"container\" data-e-type=\"container\">\n\t\t\t\t\t<div class=\"e-con-inner\">\n\t\t\t\t<div class=\"elementor-element elementor-element-b910ea3 elementor-widget elementor-widget-heading\" data-id=\"b910ea3\" data-element_type=\"widget\" data-e-type=\"widget\" data-widget_type=\"heading.default\">\n\t\t\t\t\t<h3 class=\"elementor-heading-title elementor-size-default\">Druckerei Kempf -<\/h3>\t\t\t\t<\/div>\n\t\t\t\t\t<\/div>\n\t\t\t\t<\/div>\n\t\t<div class=\"elementor-element elementor-element-b6160e9 e-flex e-con-boxed e-con e-parent\" data-id=\"b6160e9\" data-element_type=\"container\" data-e-type=\"container\">\n\t\t\t\t\t<div class=\"e-con-inner\">\n\t\t\t\t<div class=\"elementor-element elementor-element-55f241b elementor-widget elementor-widget-heading\" data-id=\"55f241b\" data-element_type=\"widget\" data-e-type=\"widget\" data-widget_type=\"heading.default\">\n\t\t\t\t\t<h3 class=\"elementor-heading-title elementor-size-default\">gewachsen mit Erfahrung<\/h3>\t\t\t\t<\/div>\n\t\t\t\t\t<\/div>\n\t\t\t\t<\/div>\n\t\t<div class=\"elementor-element elementor-element-28caa63 e-flex e-con-boxed e-con e-parent\" data-id=\"28caa63\" data-element_type=\"container\" data-e-type=\"container\">\n\t\t\t\t\t<div class=\"e-con-inner\">\n\t\t\t\t<div class=\"elementor-element elementor-element-2a3a0fa elementor-widget elementor-widget-text-editor\" data-id=\"2a3a0fa\" data-element_type=\"widget\" data-e-type=\"widget\" data-widget_type=\"text-editor.default\">\n\t\t\t\t\t\t\t\t\t<p>Seit 1990 stehen wir f\u00fcr Druck mit Pr\u00e4zision und N\u00e4he zum Detail \u2013 und f\u00fcr ein Familienunternehmen, das Deine Ideen umsetzt. Die Druckerei Kempf bietet Dir fast alles, was das grafische Gewerbe zu bieten hat:<\/p><p><strong>Vielf\u00e4ltigkeit<\/strong>, <strong>Erfahrung<\/strong> und <strong>faire Konditionen<\/strong>. Und das alles aus einer Hand.<\/p><p>Gef\u00fchrt wird unser Betrieb von den Br\u00fcdern <strong>J\u00fcrgen <\/strong>und<strong> Marcus Kempf<\/strong>, die technisches Know-how, gestalterisches Feingef\u00fchl und unternehmerische Klarheit miteinander verbinden.<\/p><ul><li><strong>J\u00fcrgen Kempf<\/strong>, geboren 1979, hat den Beruf des Offsetdruckers im elterlichen Betrieb gelernt und bringt zus\u00e4tzlich Erfahrung im Siebdruck und in der Weiterverarbeitung mit.<\/li><li><strong>Marcus Kempf<\/strong>, geboren 1980, hat seinen Schwerpunkt auf den kaufm\u00e4nnischen Bereich und die Mediengestaltung gelegt.<\/li><\/ul>\t\t\t\t\t\t\t\t<\/div>\n\t\t\t\t\t<\/div>\n\t\t\t\t<\/div>\n\t\t<div class=\"elementor-element elementor-element-9258edf e-flex e-con-boxed e-con e-parent\" data-id=\"9258edf\" data-element_type=\"container\" data-e-type=\"container\">\n\t\t\t\t\t<div class=\"e-con-inner\">\n\t\t\t\t<div class=\"elementor-element elementor-element-24b0565 elementor-widget elementor-widget-spacer\" data-id=\"24b0565\" data-element_type=\"widget\" data-e-type=\"widget\" data-widget_type=\"spacer.default\">\n\t\t\t\t\t\t\t<div class=\"elementor-spacer\">\n\t\t\t<div class=\"elementor-spacer-inner\"><\/div>\n\t\t<\/div>\n\t\t\t\t\t\t<\/div>\n\t\t\t\t\t<\/div>\n\t\t\t\t<\/div>\n\t\t<div class=\"elementor-element elementor-element-b5409b8 e-flex e-con-boxed e-con e-parent\" data-id=\"b5409b8\" data-element_type=\"container\" data-e-type=\"container\">\n\t\t\t\t\t<div class=\"e-con-inner\">\n\t\t<div class=\"elementor-element elementor-element-ff315c3 e-con-full e-flex e-con e-child\" data-id=\"ff315c3\" data-element_type=\"container\" data-e-type=\"container\">\n\t\t\t\t<div class=\"elementor-element elementor-element-b841b62 elementor-invisible elementor-widget elementor-widget-heading\" data-id=\"b841b62\" data-element_type=\"widget\" data-e-type=\"widget\" data-settings=\"{&quot;_animation&quot;:&quot;fadeInLeft&quot;}\" data-widget_type=\"heading.default\">\n\t\t\t\t\t<h3 class=\"elementor-heading-title elementor-size-default\">\"Wisse, was du tust\"<\/h3>\t\t\t\t<\/div>\n\t\t\t\t<div class=\"elementor-element elementor-element-ffa3db1 elementor-invisible elementor-widget elementor-widget-heading\" data-id=\"ffa3db1\" data-element_type=\"widget\" data-e-type=\"widget\" data-settings=\"{&quot;_animation&quot;:&quot;fadeInLeft&quot;}\" data-widget_type=\"heading.default\">\n\t\t\t\t\t<h2 class=\"elementor-heading-title elementor-size-default\">Marcus Kempf<\/h2>\t\t\t\t<\/div>\n\t\t\t\t<\/div>\n\t\t<div class=\"elementor-element elementor-element-8f23c69 e-con-full e-flex e-con e-child\" data-id=\"8f23c69\" data-element_type=\"container\" data-e-type=\"container\">\n\t\t\t\t<div class=\"elementor-element elementor-element-cb69d4e elementor-invisible elementor-widget elementor-widget-text-editor\" data-id=\"cb69d4e\" data-element_type=\"widget\" data-e-type=\"widget\" data-settings=\"{&quot;_animation&quot;:&quot;fadeInRight&quot;}\" data-widget_type=\"text-editor.default\">\n\t\t\t\t\t\t\t\t\t<p>Ein Satz, der unsere Druckerei im Ganzen beschreibt und im Alltag begleitet. Denn etwas zu produzieren, bedeutet auch alles im Blick zu haben, zu planen und zu strukturieren.\u00a0<\/p>\t\t\t\t\t\t\t\t<\/div>\n\t\t\t\t<\/div>\n\t\t\t\t\t<\/div>\n\t\t\t\t<\/div>\n\t\t<div class=\"elementor-element elementor-element-558355e e-flex e-con-boxed e-con e-parent\" data-id=\"558355e\" data-element_type=\"container\" data-e-type=\"container\">\n\t\t\t\t\t<div class=\"e-con-inner\">\n\t\t\t\t<div class=\"elementor-element elementor-element-1dce46e elementor-widget elementor-widget-spacer\" data-id=\"1dce46e\" data-element_type=\"widget\" data-e-type=\"widget\" data-widget_type=\"spacer.default\">\n\t\t\t\t\t\t\t<div class=\"elementor-spacer\">\n\t\t\t<div class=\"elementor-spacer-inner\"><\/div>\n\t\t<\/div>\n\t\t\t\t\t\t<\/div>\n\t\t\t\t\t<\/div>\n\t\t\t\t<\/div>\n\t\t<div class=\"elementor-element elementor-element-6ce1f59 e-flex e-con-boxed e-con e-parent\" data-id=\"6ce1f59\" data-element_type=\"container\" data-e-type=\"container\">\n\t\t\t\t\t<div class=\"e-con-inner\">\n\t\t\t\t<div class=\"elementor-element elementor-element-7989d46 elementor-widget elementor-widget-text-editor\" data-id=\"7989d46\" data-element_type=\"widget\" data-e-type=\"widget\" data-widget_type=\"text-editor.default\">\n\t\t\t\t\t\t\t\t\t<p>Schon bei der Gr\u00fcndung 1990 haben wir eine eigene Druckvorstufe mit Filmbelichtung aufgebaut. Auch die Weiterverarbeitung war von Anfang an Teil unseres Hauses. Und weil wir schon fr\u00fch wussten, dass Vielseitigkeit z\u00e4hlt, kam noch im selben Jahr eine eigene Abteilung f\u00fcr Siebdruck und Textildruck dazu.<\/p><p>Im Januar 2002 haben J\u00fcrgen und Marcus den elterlichen Betrieb \u00fcbernommen und in eine GbR umgewandelt. 2017 wurde daraus unsere heutige <strong>Druckerei Kempf GmbH, <\/strong>welche von beide Br\u00fcdern als Gesch\u00e4ftsf\u00fchrer gef\u00fchrt wird.<\/p><p>Und unser Maschinenpark? Der w\u00e4chst mit uns. \u00dcber die Jahre haben wir ihn kontinuierlich erweitert und modernisiert \u2013 damit du heute von unserer Technik profitierst, ganz gleich, ob du aus dem Handel, der Industrie oder dem Wiederverk\u00e4ufermarkt kommst oder privat Produkte anfertigen lassen m\u00f6chtest.<\/p>\t\t\t\t\t\t\t\t<\/div>\n\t\t\t\t\t<\/div>\n\t\t\t\t<\/div>\n\t\t<div class=\"elementor-element elementor-element-79e12d8 e-flex e-con-boxed e-con e-parent\" data-id=\"79e12d8\" data-element_type=\"container\" data-e-type=\"container\">\n\t\t\t\t\t<div class=\"e-con-inner\">\n\t\t<div class=\"elementor-element elementor-element-4b6656a e-con-full e-flex e-con e-child\" data-id=\"4b6656a\" data-element_type=\"container\" data-e-type=\"container\">\n\t\t\t\t<div class=\"elementor-element elementor-element-78e547f elementor-invisible elementor-widget elementor-widget-image\" data-id=\"78e547f\" data-element_type=\"widget\" data-e-type=\"widget\" data-settings=\"{&quot;_animation&quot;:&quot;fadeInLeft&quot;}\" data-widget_type=\"image.default\">\n\t\t\t\t\t\t\t\t\t\t\t\t\t\t\t<img fetchpriority=\"high\" decoding=\"async\" data-attachment-id=\"2105\" data-permalink=\"https:\/\/druckerei-kempf.de\/index.php\/unternehmen\/dk-alles-aus-einer-hand\/\" data-orig-file=\"https:\/\/i0.wp.com\/druckerei-kempf.de\/wp-content\/uploads\/2025\/11\/DK-Alles-aus-einer-Hand-scaled.jpg?fit=2560%2C1401&amp;ssl=1\" data-orig-size=\"2560,1401\" data-comments-opened=\"1\" data-image-meta=\"{&quot;aperture&quot;:&quot;0&quot;,&quot;credit&quot;:&quot;&quot;,&quot;camera&quot;:&quot;&quot;,&quot;caption&quot;:&quot;&quot;,&quot;created_timestamp&quot;:&quot;0&quot;,&quot;copyright&quot;:&quot;&quot;,&quot;focal_length&quot;:&quot;0&quot;,&quot;iso&quot;:&quot;0&quot;,&quot;shutter_speed&quot;:&quot;0&quot;,&quot;title&quot;:&quot;&quot;,&quot;orientation&quot;:&quot;0&quot;}\" data-image-title=\"DK Alles aus einer Hand\" data-image-description=\"\" data-image-caption=\"\" data-large-file=\"https:\/\/i0.wp.com\/druckerei-kempf.de\/wp-content\/uploads\/2025\/11\/DK-Alles-aus-einer-Hand-scaled.jpg?fit=1024%2C560&amp;ssl=1\" width=\"1024\" height=\"560\" src=\"https:\/\/i0.wp.com\/druckerei-kempf.de\/wp-content\/uploads\/2025\/11\/DK-Alles-aus-einer-Hand-scaled.jpg?fit=1024%2C560&amp;ssl=1\" class=\"attachment-large size-large wp-image-2105\" alt=\"\" srcset=\"https:\/\/i0.wp.com\/druckerei-kempf.de\/wp-content\/uploads\/2025\/11\/DK-Alles-aus-einer-Hand-scaled.jpg?w=2560&amp;ssl=1 2560w, https:\/\/i0.wp.com\/druckerei-kempf.de\/wp-content\/uploads\/2025\/11\/DK-Alles-aus-einer-Hand-scaled.jpg?resize=300%2C164&amp;ssl=1 300w, https:\/\/i0.wp.com\/druckerei-kempf.de\/wp-content\/uploads\/2025\/11\/DK-Alles-aus-einer-Hand-scaled.jpg?resize=1024%2C560&amp;ssl=1 1024w, https:\/\/i0.wp.com\/druckerei-kempf.de\/wp-content\/uploads\/2025\/11\/DK-Alles-aus-einer-Hand-scaled.jpg?resize=768%2C420&amp;ssl=1 768w, https:\/\/i0.wp.com\/druckerei-kempf.de\/wp-content\/uploads\/2025\/11\/DK-Alles-aus-einer-Hand-scaled.jpg?resize=1536%2C841&amp;ssl=1 1536w, https:\/\/i0.wp.com\/druckerei-kempf.de\/wp-content\/uploads\/2025\/11\/DK-Alles-aus-einer-Hand-scaled.jpg?resize=2048%2C1121&amp;ssl=1 2048w, https:\/\/i0.wp.com\/druckerei-kempf.de\/wp-content\/uploads\/2025\/11\/DK-Alles-aus-einer-Hand-scaled.jpg?w=2400&amp;ssl=1 2400w\" sizes=\"(max-width: 1024px) 100vw, 1024px\" data-attachment-id=\"2105\" data-permalink=\"https:\/\/druckerei-kempf.de\/index.php\/unternehmen\/dk-alles-aus-einer-hand\/\" data-orig-file=\"https:\/\/i0.wp.com\/druckerei-kempf.de\/wp-content\/uploads\/2025\/11\/DK-Alles-aus-einer-Hand-scaled.jpg?fit=2560%2C1401&amp;ssl=1\" data-orig-size=\"2560,1401\" data-comments-opened=\"1\" data-image-meta=\"{&quot;aperture&quot;:&quot;0&quot;,&quot;credit&quot;:&quot;&quot;,&quot;camera&quot;:&quot;&quot;,&quot;caption&quot;:&quot;&quot;,&quot;created_timestamp&quot;:&quot;0&quot;,&quot;copyright&quot;:&quot;&quot;,&quot;focal_length&quot;:&quot;0&quot;,&quot;iso&quot;:&quot;0&quot;,&quot;shutter_speed&quot;:&quot;0&quot;,&quot;title&quot;:&quot;&quot;,&quot;orientation&quot;:&quot;0&quot;}\" data-image-title=\"DK Alles aus einer Hand\" data-image-description=\"\" data-image-caption=\"\" data-large-file=\"https:\/\/i0.wp.com\/druckerei-kempf.de\/wp-content\/uploads\/2025\/11\/DK-Alles-aus-einer-Hand-scaled.jpg?fit=1024%2C560&amp;ssl=1\" \/>\t\t\t\t\t\t\t\t\t\t\t\t\t\t\t<\/div>\n\t\t\t\t<\/div>\n\t\t<div class=\"elementor-element elementor-element-895a454 e-con-full e-flex e-con e-child\" data-id=\"895a454\" data-element_type=\"container\" data-e-type=\"container\">\n\t\t\t\t<div class=\"elementor-element elementor-element-a3e975b elementor-invisible elementor-widget elementor-widget-text-editor\" data-id=\"a3e975b\" data-element_type=\"widget\" data-e-type=\"widget\" data-settings=\"{&quot;_animation&quot;:&quot;fadeInRight&quot;}\" data-widget_type=\"text-editor.default\">\n\t\t\t\t\t\t\t\t\t<h4>Regional verwurzelt und immer offen f\u00fcr neue Ideen.<\/h4><p>Und nat\u00fcrlich entwickeln wir uns auch heute noch weiter. Nicht nur technisch, sondern auch menschlich. Denn wir glauben: Gute Druckqualit\u00e4t entsteht nicht nur durch Maschinen, sondern vor allem durch Menschen, die mitdenken. F\u00fcr Dich. F\u00fcr Dein Projekt. F\u00fcr das gewisse Etwas. Denn Service wird bei uns gro\u00df geschrieben!<\/p>\t\t\t\t\t\t\t\t<\/div>\n\t\t\t\t<\/div>\n\t\t\t\t\t<\/div>\n\t\t\t\t<\/div>\n\t\t\t\t<\/div>\n\t\t","protected":false},"excerpt":{"rendered":"<p>Druckerei Kempf &#8211; gewachsen mit Erfahrung Seit 1990 stehen wir f\u00fcr Druck mit Pr\u00e4zision und N\u00e4he zum Detail \u2013 und f\u00fcr ein Familienunternehmen, das Deine Ideen umsetzt. Die Druckerei Kempf bietet Dir fast alles, was das grafische Gewerbe zu bieten hat: Vielf\u00e4ltigkeit, Erfahrung und faire Konditionen. Und das alles aus einer Hand. Gef\u00fchrt wird unser [&hellip;]<\/p>\n","protected":false},"author":1,"featured_media":0,"parent":0,"menu_order":0,"comment_status":"closed","ping_status":"closed","template":"","meta":{"_eb_attr":"","om_disable_all_campaigns":false,"_monsterinsights_skip_tracking":false,"_monsterinsights_sitenote_active":false,"_monsterinsights_sitenote_note":"","_monsterinsights_sitenote_category":0,"ocean_post_layout":"","ocean_both_sidebars_style":"","ocean_both_sidebars_content_width":0,"ocean_both_sidebars_sidebars_width":0,"ocean_sidebar":"","ocean_second_sidebar":"","ocean_disable_margins":"enable","ocean_add_body_class":"","ocean_shortcode_before_top_bar":"","ocean_shortcode_after_top_bar":"","ocean_shortcode_before_header":"","ocean_shortcode_after_header":"","ocean_has_shortcode":"","ocean_shortcode_after_title":"","ocean_shortcode_before_footer_widgets":"","ocean_shortcode_after_footer_widgets":"","ocean_shortcode_before_footer_bottom":"","ocean_shortcode_after_footer_bottom":"","ocean_display_top_bar":"default","ocean_display_header":"default","ocean_header_style":"","ocean_center_header_left_menu":"","ocean_custom_header_template":"","ocean_custom_logo":0,"ocean_custom_retina_logo":0,"ocean_custom_logo_max_width":0,"ocean_custom_logo_tablet_max_width":0,"ocean_custom_logo_mobile_max_width":0,"ocean_custom_logo_max_height":0,"ocean_custom_logo_tablet_max_height":0,"ocean_custom_logo_mobile_max_height":0,"ocean_header_custom_menu":"","ocean_menu_typo_font_family":"","ocean_menu_typo_font_subset":"","ocean_menu_typo_font_size":0,"ocean_menu_typo_font_size_tablet":0,"ocean_menu_typo_font_size_mobile":0,"ocean_menu_typo_font_size_unit":"px","ocean_menu_typo_font_weight":"","ocean_menu_typo_font_weight_tablet":"","ocean_menu_typo_font_weight_mobile":"","ocean_menu_typo_transform":"","ocean_menu_typo_transform_tablet":"","ocean_menu_typo_transform_mobile":"","ocean_menu_typo_line_height":0,"ocean_menu_typo_line_height_tablet":0,"ocean_menu_typo_line_height_mobile":0,"ocean_menu_typo_line_height_unit":"","ocean_menu_typo_spacing":0,"ocean_menu_typo_spacing_tablet":0,"ocean_menu_typo_spacing_mobile":0,"ocean_menu_typo_spacing_unit":"","ocean_menu_link_color":"","ocean_menu_link_color_hover":"","ocean_menu_link_color_active":"","ocean_menu_link_background":"","ocean_menu_link_hover_background":"","ocean_menu_link_active_background":"","ocean_menu_social_links_bg":"","ocean_menu_social_hover_links_bg":"","ocean_menu_social_links_color":"","ocean_menu_social_hover_links_color":"","ocean_disable_title":"default","ocean_disable_heading":"default","ocean_post_title":"","ocean_post_subheading":"","ocean_post_title_style":"","ocean_post_title_background_color":"","ocean_post_title_background":0,"ocean_post_title_bg_image_position":"","ocean_post_title_bg_image_attachment":"","ocean_post_title_bg_image_repeat":"","ocean_post_title_bg_image_size":"","ocean_post_title_height":0,"ocean_post_title_bg_overlay":0.5,"ocean_post_title_bg_overlay_color":"","ocean_disable_breadcrumbs":"default","ocean_breadcrumbs_color":"","ocean_breadcrumbs_separator_color":"","ocean_breadcrumbs_links_color":"","ocean_breadcrumbs_links_hover_color":"","ocean_display_footer_widgets":"default","ocean_display_footer_bottom":"default","ocean_custom_footer_template":"","footnotes":""},"class_list":["post-75","page","type-page","status-publish","hentry","entry"],"aioseo_notices":[],"jetpack_sharing_enabled":true,"_links":{"self":[{"href":"https:\/\/druckerei-kempf.de\/index.php\/wp-json\/wp\/v2\/pages\/75","targetHints":{"allow":["GET"]}}],"collection":[{"href":"https:\/\/druckerei-kempf.de\/index.php\/wp-json\/wp\/v2\/pages"}],"about":[{"href":"https:\/\/druckerei-kempf.de\/index.php\/wp-json\/wp\/v2\/types\/page"}],"author":[{"embeddable":true,"href":"https:\/\/druckerei-kempf.de\/index.php\/wp-json\/wp\/v2\/users\/1"}],"replies":[{"embeddable":true,"href":"https:\/\/druckerei-kempf.de\/index.php\/wp-json\/wp\/v2\/comments?post=75"}],"version-history":[{"count":22,"href":"https:\/\/druckerei-kempf.de\/index.php\/wp-json\/wp\/v2\/pages\/75\/revisions"}],"predecessor-version":[{"id":3137,"href":"https:\/\/druckerei-kempf.de\/index.php\/wp-json\/wp\/v2\/pages\/75\/revisions\/3137"}],"wp:attachment":[{"href":"https:\/\/druckerei-kempf.de\/index.php\/wp-json\/wp\/v2\/media?parent=75"}],"curies":[{"name":"wp","href":"https:\/\/api.w.org\/{rel}","templated":true}]}}